{"id":3146,"date":"2023-09-11T15:23:19","date_gmt":"2023-09-11T13:23:19","guid":{"rendered":"https:\/\/mortelleadele.com\/?page_id=3146"},"modified":"2024-12-12T09:41:44","modified_gmt":"2024-12-12T08:41:44","slug":"tournee-de-dedicaces-2023-2","status":"publish","type":"page","link":"https:\/\/mortelleadele.com\/index.php\/tournee-de-dedicaces-2023-2\/","title":{"rendered":"Catapul&rsquo;tour 2023 &#8211; 2\u00e8me partie"},"content":{"rendered":"\n<figure class=\"wp-block-video\"><video height=\"2306\" style=\"aspect-ratio: 6666 \/ 2306;\" width=\"6666\" autoplay loop muted poster=\"https:\/\/mortelleadele.com\/wp-content\/uploads\/2023\/03\/Bandeau-tourne\u0301e-MA-Grande.jpeg\" src=\"https:\/\/mortelleadele.com\/wp-content\/uploads\/2023\/03\/Bandeau-tourne\u0301e-MA.mp4\"><\/video><\/figure>\n\n\n\n<figure class=\"wp-block-video\"><video height=\"1080\" style=\"aspect-ratio: 1080 \/ 1080;\" width=\"1080\" autoplay loop muted src=\"https:\/\/mortelleadele.com\/wp-content\/uploads\/2023\/09\/Catapultour-2e-partie-FEED-v2.mp4\"><\/video><\/figure>\n\n\n\n<p>Retrouvez sur cette page toutes les informations concernant la tourn\u00e9e de d\u00e9dicaces de <strong>Mr&nbsp;Tan<\/strong> &amp; <strong>Diane&nbsp;Le&nbsp;Feyer<\/strong> en octobre, novembre et d\u00e9cembre <strong>2023<\/strong>. <\/p>\n\n\n\n<p class=\"has-text-align-left has-vivid-red-color has-text-color\"><strong>ATTENTION &#8211; Les s\u00e9ances de d\u00e9dicaces sont organis\u00e9es par distribution de billets gratuits MAIS limit\u00e9s, g\u00e9r\u00e9e DIRECTEMENT par la maison d&rsquo;\u00e9dition Mr Tan &amp; Co.<\/strong> <\/p>\n\n\n\n<p class=\"has-text-align-left has-vivid-red-color has-text-color\">&gt;&gt; <strong>UN seul billet par commande et UNE seule d\u00e9dicace par billet.<\/strong><\/p>\n\n\n\n<p class=\"has-text-align-left has-vivid-red-color has-text-color\"><strong>La personne accompagnante n&rsquo;ayant pas besoin de billet. <\/strong><br><br><strong>Les informations et les liens vers les billetteries seront disponibles <\/strong>en amont de chaque \u00e9tape de la tourn\u00e9e<strong>. Pour ne pas louper l&rsquo;ouverture de la billetterie \u00e0 la date qui vous int\u00e9resse, merci de consulter cette page r\u00e9guli\u00e8rement.<\/strong> <\/p>\n\n\n\n<p class=\"has-text-align-left has-black-color has-text-color\">&gt;&gt; Les jours et horaires des ouvertures des billetteries sont affich\u00e9es dans la liste ci-dessous et seront compl\u00e9t\u00e9es dans les prochains jours.<\/p>\n\n\n\n<p class=\"has-black-color has-text-color\"><strong>Pour toutes questions :<\/strong> <a href=\"mailto:catapultour@mortelleadele.com\">catapultour@mortelleadele.com<\/a><\/p>\n\n\n\n<h2 class=\"wp-block-heading\">Octobre 2023<\/h2>\n\n\n\n<p class=\"has-background\" style=\"background-color:#f0c9a7\"><strong>2 OCTOBRE 2023<\/strong> &#8211; 17h \u00e0 19h &#8211; <strong><mark style=\"background-color:rgba(0, 0, 0, 0)\" class=\"has-inline-color has-vivid-red-color\">COMPLET<\/mark><\/strong><br><em>Bastia, France<\/em><br><strong><em>Fnac<\/em><\/strong><\/p>\n\n\n\n<p class=\"has-background\" style=\"background-color:#f0e5a8\"><strong>4 OCTOBRE 2023<\/strong> &#8211; 14h30 \u00e0 16h30 &#8211; <strong><mark style=\"background-color:rgba(0, 0, 0, 0)\" class=\"has-inline-color has-vivid-red-color\">COMPLET<\/mark><\/strong><br><em>Ajaccio, France<\/em><br><strong>Librairie La Marge<\/strong><\/p>\n\n\n\n<p class=\"has-background\" style=\"background-color:#cef0a8\"><strong>5 OCTOBRE 2023<\/strong> &#8211; 16h45 \u00e0 19h <strong>&#8211; <mark style=\"background-color:rgba(0, 0, 0, 0)\" class=\"has-inline-color has-vivid-red-color\">COMPLET<\/mark><\/strong><br><em>Marseille, France<\/em><br><strong>Fnac<\/strong><\/p>\n\n\n\n<p class=\"has-light-green-cyan-background-color has-background\"><strong>11 OCTOBRE 2023<\/strong> &#8211; 14h30 \u00e0 16h30 <strong>&#8211; <mark style=\"background-color:rgba(0, 0, 0, 0)\" class=\"has-inline-color has-vivid-red-color\">COMPLET<\/mark><\/strong><br><em>Lyon, France<\/em><br><strong>Decitre &#8211; Bellecour<\/strong><\/p>\n\n\n\n<p class=\"has-vivid-green-cyan-background-color has-background\"><strong>13 OCTOBRE 2023<\/strong> &#8211; 17h \u00e0 19h <strong>&#8211; <mark style=\"background-color:rgba(0, 0, 0, 0)\" class=\"has-inline-color has-vivid-red-color\">COMPLET<\/mark><\/strong><br><em>Chamb\u00e9ry, France<\/em><br><strong>Decitre<\/strong><\/p>\n\n\n\n<p class=\"has-pale-cyan-blue-background-color has-background\"><strong>14 OCTOBRE 2023<\/strong> &#8211; 14h30 \u00e0 16h30 \u2013&nbsp;<strong><mark style=\"background-color:rgba(0, 0, 0, 0)\" class=\"has-inline-color has-vivid-red-color\">COMPLET<\/mark><\/strong><br><em>Grenoble, France<\/em><br><strong>Gibert<\/strong><\/p>\n\n\n\n<h2 class=\"wp-block-heading\">Novembre 2023<\/h2>\n\n\n\n<p class=\"has-background\" style=\"background-color:#c2b7e5\"><strong>8 NOVEMBRE 2023<\/strong> &#8211; 10h30 \u00e0 12h30 \u2013\u00a0<strong><mark style=\"background-color:rgba(0, 0, 0, 0)\" class=\"has-inline-color has-vivid-red-color\">COMPLET<\/mark><\/strong><br><em>Al\u00e8s, France<\/em><br><strong>Al\u00e8s BD<\/strong><\/p>\n\n\n\n<p class=\"has-background\" style=\"background-color:#ae8dfc\"><strong>8 NOVEMBRE 2023<\/strong> &#8211; 14h30 \u00e0 16h30 \u2013\u00a0<strong><mark style=\"background-color:rgba(0, 0, 0, 0)\" class=\"has-inline-color has-vivid-red-color\">COMPLET<\/mark><\/strong><br><em>Al\u00e8s, France<\/em><br><strong>Sauramps en C\u00e9vennes<\/strong><\/p>\n\n\n\n<p class=\"has-background\" style=\"background-color:#d88dfc\"><strong>9 NOVEMBRE 2023<\/strong> &#8211; 17h \u00e0 19h \u2013\u00a0<strong><mark style=\"background-color:rgba(0, 0, 0, 0)\" class=\"has-inline-color has-vivid-red-color\">COMPLET<\/mark><\/strong><br><em>N\u00eemes, France<\/em><br><strong>Fnac<\/strong><\/p>\n\n\n\n<p class=\"has-background\" style=\"background-color:#f68dfc\"><strong>10 NOVEMBRE 2023<\/strong> &#8211; 16h45 \u00e0 18h45 <strong>&#8211; <mark style=\"background-color:rgba(0, 0, 0, 0)\" class=\"has-inline-color has-vivid-red-color\">COMPLET<\/mark><\/strong><br><em>Avignon, France<\/em><br><strong>Librairie L&rsquo;Eau Vive<\/strong><\/p>\n\n\n\n<p class=\"has-background\" style=\"background-color:#fc8dd9\"><strong>13 NOVEMBRE 2023<\/strong> &#8211; 17h \u00e0 19h &#8211; <strong><mark style=\"background-color:rgba(0, 0, 0, 0)\" class=\"has-inline-color has-vivid-red-color\">COMPLET<\/mark><\/strong><br><em>Clermont-Ferrand, France<\/em><br><strong>Librairie Les Volcans<\/strong><\/p>\n\n\n\n<p class=\"has-background\" style=\"background-color:#f78db9\"><strong>14 NOVEMBRE 2023<\/strong> &#8211; 17h \u00e0 19h &#8211; <strong><mark style=\"background-color:rgba(0, 0, 0, 0)\" class=\"has-inline-color has-vivid-red-color\">COMPLET<\/mark><\/strong><br><em>St-Etienne, France<\/em><br><strong>Librairie de Paris<\/strong><\/p>\n\n\n\n<p class=\"has-background\" style=\"background-color:#fc8d99\"><strong>17 NOVEMBRE 2023<\/strong> &#8211; 17h \u00e0 19h &#8211; <strong><mark style=\"background-color:rgba(0, 0, 0, 0)\" class=\"has-inline-color has-white-color\">COMPLET<\/mark><\/strong><br><em>Perpignan, France<\/em><br><strong>Librairie Cajelice<\/strong><\/p>\n\n\n\n<p class=\"has-background\" style=\"background-color:#fca48d\"><strong>18 NOVEMBRE 2023<\/strong> &#8211; 16h \u00e0 18h &#8211; <strong><mark style=\"background-color:rgba(0, 0, 0, 0)\" class=\"has-inline-color has-white-color\">COMPLET<\/mark><\/strong><br><em>Toulouse, France<\/em><br><strong>Cultura &#8211; Balma<\/strong><\/p>\n\n\n\n<p class=\"has-background\" style=\"background-color:#fcd98d\"><strong>19 NOVEMBRE 2023<\/strong> &#8211; 11h \u00e0 13h &#8211; <strong><mark style=\"background-color:rgba(0, 0, 0, 0)\" class=\"has-inline-color has-vivid-red-color\">COMPLET<\/mark><\/strong><br><em>Toulouse, France<\/em><br><strong>Librairie Les Petits Ruisseaux<\/strong><\/p>\n\n\n\n<p class=\"has-background\" style=\"background-color:#fafc8d\"><strong>20 NOVEMBRE 2023<\/strong> &#8211; 17h \u00e0 19h &#8211; <strong><mark style=\"background-color:rgba(0, 0, 0, 0)\" class=\"has-inline-color has-vivid-red-color\">COMPLET<\/mark><\/strong><br><em>Agen, France<\/em><br><strong>Librairie &#8211; Dans ma librairie<\/strong><\/p>\n\n\n\n<p class=\"has-background\" style=\"background-color:#d0fc8d\"><strong>21 NOVEMBRE 2023<\/strong> &#8211; 17h \u00e0 19h \u2013\u00a0<strong><mark style=\"background-color:rgba(0, 0, 0, 0)\" class=\"has-inline-color has-vivid-red-color\">COMPLET<\/mark><\/strong><br><em>P\u00e9rigueux, France<\/em><br><strong>Librairie Marbot &#8211; Espace Culturel LECLERC<\/strong><\/p>\n\n\n\n<p class=\"has-background\" style=\"background-color:#9bfc8d\"><strong>22 NOVEMBRE 2023<\/strong> &#8211; 13h \u00e0 15h <strong>&#8211; <mark style=\"background-color:rgba(0, 0, 0, 0)\" class=\"has-inline-color has-vivid-red-color\">COMPLET<\/mark><\/strong><br><em>Limoges, France<\/em><br><strong>Librairie &#8211; R\u00eav&rsquo;En Pages<\/strong><\/p>\n\n\n\n<p class=\"has-background\" style=\"background-color:#8dfce2\"><strong>25 NOVEMBRE 2023<\/strong> &#8211; 15h \u00e0 16h30 \u2013\u00a0<strong><mark style=\"background-color:rgba(0, 0, 0, 0)\" class=\"has-inline-color has-vivid-red-color\">COMPLET<\/mark><\/strong><br><em>Paris, France<\/em><br><strong>Librairie &#8211; Ici<\/strong><\/p>\n\n\n\n<p class=\"has-background\" style=\"background-color:#8dbcfc\"><strong>26 NOVEMBRE 2023<\/strong> &#8211; 10h30 \u00e0 12h30 \u2013\u00a0<strong><mark style=\"background-color:rgba(0, 0, 0, 0)\" class=\"has-inline-color has-vivid-red-color\">COMPLET<\/mark><\/strong><br><em>Ozoir-la-Ferri\u00e8re, France<\/em><br><strong>Librairie &#8211; Rouge Papier<\/strong><\/p>\n\n\n\n<p class=\"has-background\" style=\"background-color:#d0cdfa\"><strong>29 NOVEMBRE 2023<\/strong> &#8211; 15h \u00e0 17h &#8211; <mark style=\"background-color:rgba(0, 0, 0, 0)\" class=\"has-inline-color has-vivid-red-color\"><strong>COMPLET<\/strong><\/mark><br><em>Valence, France<\/em><br><strong>Librairie L&rsquo;Etincelle<\/strong><\/p>\n\n\n\n<h2 class=\"wp-block-heading\">D\u00e9cembre 2023<\/h2>\n\n\n\n<p class=\"has-background\" style=\"background-color:#d1bff3\"><strong>1er DECEMBRE 2023<\/strong> &#8211; 17h \u00e0 19h &#8211; <mark style=\"background-color:rgba(0, 0, 0, 0)\" class=\"has-inline-color has-vivid-red-color\"><strong>COMPLET<\/strong><\/mark><br><em>Bordeaux, France<\/em><br><strong>Fnac &#8211; Sainte-Catherine<\/strong><\/p>\n\n\n\n<p class=\"has-background\" style=\"background-color:#918dfccf\"><strong>2 DECEMBRE 2023<\/strong> &#8211; 15h \u00e0 17h \u2013\u00a0<strong><mark style=\"background-color:rgba(0, 0, 0, 0)\" class=\"has-inline-color has-vivid-red-color\">COMPLET<\/mark><\/strong><br><em>St-M\u00e9dard-en-Jalles, France<\/em><br><strong>Espace Culturel E.LECLERC<\/strong><\/p>\n\n\n\n<p class=\"has-background\" style=\"background-color:#d08dfc\"><strong>3 DECEMBRE 2023<\/strong> &#8211; 11h \u00e0 13h \u2013\u00a0<strong><mark style=\"background-color:rgba(0, 0, 0, 0)\" class=\"has-inline-color has-vivid-red-color\">COMPLET<\/mark><\/strong><br><em>Biarritz, France<\/em><br><strong>Librairie &#8211; Bookstore<\/strong><\/p>\n\n\n\n<p class=\"has-background\" style=\"background-color:#fc8dec\"><strong>6 DECEMBRE 2023<\/strong> &#8211; 11h \u00e0 13h &#8211; <mark style=\"background-color:rgba(0, 0, 0, 0)\" class=\"has-inline-color has-vivid-red-color\"><strong>COMPLET<\/strong><\/mark><br><em>Lausanne, Suisse<\/em><br><strong>Fnac<\/strong><\/p>\n\n\n\n<p class=\"has-background\" style=\"background-color:#fc8d8d\"><strong>6 DECEMBRE 2023<\/strong> &#8211; 16h30 \u00e0 18h30 &#8211; <mark style=\"background-color:rgba(0, 0, 0, 0)\" class=\"has-inline-color has-vivid-red-color\"><strong>COMPLET<\/strong><\/mark><br><em>Gen\u00e8ve, Suisse<\/em><br><strong>Librairie &#8211; Payot<\/strong><\/p>\n\n\n<div class=\"wp-block-image\">\n<figure class=\"aligncenter size-full is-resized\"><img fetchpriority=\"high\" decoding=\"async\" width=\"512\" height=\"512\" src=\"https:\/\/mortelleadele.com\/wp-content\/uploads\/2023\/03\/Pin-Ade\u0300le.png\" alt=\"\" class=\"wp-image-2246\" style=\"width:174px;height:174px\" srcset=\"https:\/\/mortelleadele.com\/wp-content\/uploads\/2023\/03\/Pin-Ade\u0300le.png 512w, https:\/\/mortelleadele.com\/wp-content\/uploads\/2023\/03\/Pin-Ade\u0300le-300x300.png 300w, https:\/\/mortelleadele.com\/wp-content\/uploads\/2023\/03\/Pin-Ade\u0300le-150x150.png 150w, https:\/\/mortelleadele.com\/wp-content\/uploads\/2023\/03\/Pin-Ade\u0300le-100x100.png 100w\" sizes=\"(max-width: 512px) 100vw, 512px\" \/><\/figure>\n<\/div>\n\n\n<h2 class=\"wp-block-heading has-text-align-center has-luminous-vivid-orange-color has-text-color\"><strong>Plus de dates&#8230;un jour&#8230;<\/strong><\/h2>\n\n\n\n<div class=\"wp-block-buttons is-content-justification-center is-layout-flex wp-container-core-buttons-is-layout-0a9a1981 wp-block-buttons-is-layout-flex\">\n<div class=\"wp-block-button has-custom-width wp-block-button__width-50\"><a class=\"wp-block-button__link wp-element-button\" href=\"https:\/\/mortelleadele.com\/index.php\/tournee-de-dedicaces-2023\/\">Catapul&rsquo;tour &#8211; 1\u00e8re partie<\/a><\/div>\n<\/div>\n","protected":false},"excerpt":{"rendered":"<p>Retrouvez sur cette page toutes les informations concernant la tourn\u00e9e de d\u00e9dicaces de Mr&nbsp;Tan &amp; Diane&nbsp;Le&nbsp;Feyer en octobre, novembre et d\u00e9cembre 2023. ATTENTION &#8211; Les s\u00e9ances de d\u00e9dicaces sont organis\u00e9es par distribution de billets gratuits MAIS limit\u00e9s, g\u00e9r\u00e9e DIRECTEMENT par la maison d&rsquo;\u00e9dition Mr Tan &amp; Co. &gt;&gt; UN seul billet par commande et UNE &hellip; <\/p>\n<p class=\"link-more\"><a href=\"https:\/\/mortelleadele.com\/index.php\/tournee-de-dedicaces-2023-2\/\" class=\"more-link\">Continuer la lecture<span class=\"screen-reader-text\"> de &laquo;&nbsp;Catapul&rsquo;tour 2023 &#8211; 2\u00e8me partie&nbsp;&raquo;<\/span><\/a><\/p>\n","protected":false},"author":1,"featured_media":0,"parent":0,"menu_order":0,"comment_status":"closed","ping_status":"closed","template":"","meta":{"footnotes":""},"class_list":["post-3146","page","type-page","status-publish","hentry"],"yoast_head":"<!-- This site is optimized with the Yoast SEO plugin v27.5 - https:\/\/yoast.com\/product\/yoast-seo-wordpress\/ -->\n<title>Catapul&#039;tour 2023 - 2\u00e8me partie &#8211; Mortelle Ad\u00e8le<\/title>\n<meta name=\"robots\" content=\"index, follow, max-snippet:-1, max-image-preview:large, max-video-preview:-1\" \/>\n<link rel=\"canonical\" href=\"https:\/\/mortelleadele.com\/index.php\/tournee-de-dedicaces-2023-2\/\" \/>\n<meta property=\"og:locale\" content=\"fr_FR\" \/>\n<meta property=\"og:type\" content=\"article\" \/>\n<meta property=\"og:title\" content=\"Catapul&#039;tour 2023 - 2\u00e8me partie &#8211; Mortelle Ad\u00e8le\" \/>\n<meta property=\"og:description\" content=\"Retrouvez sur cette page toutes les informations concernant la tourn\u00e9e de d\u00e9dicaces de Mr&nbsp;Tan &amp; Diane&nbsp;Le&nbsp;Feyer en octobre, novembre et d\u00e9cembre 2023. ATTENTION &#8211; Les s\u00e9ances de d\u00e9dicaces sont organis\u00e9es par distribution de billets gratuits MAIS limit\u00e9s, g\u00e9r\u00e9e DIRECTEMENT par la maison d&rsquo;\u00e9dition Mr Tan &amp; Co. &gt;&gt; UN seul billet par commande et UNE &hellip; Continuer la lecture de &laquo;&nbsp;Catapul&rsquo;tour 2023 &#8211; 2\u00e8me partie&nbsp;&raquo;\" \/>\n<meta property=\"og:url\" content=\"https:\/\/mortelleadele.com\/index.php\/tournee-de-dedicaces-2023-2\/\" \/>\n<meta property=\"og:site_name\" content=\"Mortelle Ad\u00e8le\" \/>\n<meta property=\"article:publisher\" content=\"https:\/\/www.facebook.com\/mortelleadele\" \/>\n<meta property=\"article:modified_time\" content=\"2024-12-12T08:41:44+00:00\" \/>\n<meta name=\"twitter:card\" content=\"summary_large_image\" \/>\n<meta name=\"twitter:label1\" content=\"Dur\u00e9e de lecture estim\u00e9e\" \/>\n\t<meta name=\"twitter:data1\" content=\"3 minutes\" \/>\n<script type=\"application\/ld+json\" class=\"yoast-schema-graph\">{\"@context\":\"https:\\\/\\\/schema.org\",\"@graph\":[{\"@type\":\"WebPage\",\"@id\":\"https:\\\/\\\/mortelleadele.com\\\/index.php\\\/tournee-de-dedicaces-2023-2\\\/\",\"url\":\"https:\\\/\\\/mortelleadele.com\\\/index.php\\\/tournee-de-dedicaces-2023-2\\\/\",\"name\":\"Catapul'tour 2023 - 2\u00e8me partie &#8211; Mortelle Ad\u00e8le\",\"isPartOf\":{\"@id\":\"https:\\\/\\\/mortelleadele.com\\\/#website\"},\"datePublished\":\"2023-09-11T13:23:19+00:00\",\"dateModified\":\"2024-12-12T08:41:44+00:00\",\"breadcrumb\":{\"@id\":\"https:\\\/\\\/mortelleadele.com\\\/index.php\\\/tournee-de-dedicaces-2023-2\\\/#breadcrumb\"},\"inLanguage\":\"fr-FR\",\"potentialAction\":[{\"@type\":\"ReadAction\",\"target\":[\"https:\\\/\\\/mortelleadele.com\\\/index.php\\\/tournee-de-dedicaces-2023-2\\\/\"]}]},{\"@type\":\"BreadcrumbList\",\"@id\":\"https:\\\/\\\/mortelleadele.com\\\/index.php\\\/tournee-de-dedicaces-2023-2\\\/#breadcrumb\",\"itemListElement\":[{\"@type\":\"ListItem\",\"position\":1,\"name\":\"Accueil\",\"item\":\"https:\\\/\\\/mortelleadele.com\\\/\"},{\"@type\":\"ListItem\",\"position\":2,\"name\":\"Catapul&rsquo;tour 2023 &#8211; 2\u00e8me partie\"}]},{\"@type\":\"WebSite\",\"@id\":\"https:\\\/\\\/mortelleadele.com\\\/#website\",\"url\":\"https:\\\/\\\/mortelleadele.com\\\/\",\"name\":\"Mortelle Ad\u00e8le\",\"description\":\"H\u00e9ro\u00efne de Bande dessin\u00e9e\",\"publisher\":{\"@id\":\"https:\\\/\\\/mortelleadele.com\\\/#organization\"},\"potentialAction\":[{\"@type\":\"SearchAction\",\"target\":{\"@type\":\"EntryPoint\",\"urlTemplate\":\"https:\\\/\\\/mortelleadele.com\\\/?s={search_term_string}\"},\"query-input\":{\"@type\":\"PropertyValueSpecification\",\"valueRequired\":true,\"valueName\":\"search_term_string\"}}],\"inLanguage\":\"fr-FR\"},{\"@type\":\"Organization\",\"@id\":\"https:\\\/\\\/mortelleadele.com\\\/#organization\",\"name\":\"Mortelle Ad\u00e8le\",\"url\":\"https:\\\/\\\/mortelleadele.com\\\/\",\"logo\":{\"@type\":\"ImageObject\",\"inLanguage\":\"fr-FR\",\"@id\":\"https:\\\/\\\/mortelleadele.com\\\/#\\\/schema\\\/logo\\\/image\\\/\",\"url\":\"https:\\\/\\\/mortelleadele.com\\\/wp-content\\\/uploads\\\/2023\\\/01\\\/Logo-Mortelle-Adele.jpeg\",\"contentUrl\":\"https:\\\/\\\/mortelleadele.com\\\/wp-content\\\/uploads\\\/2023\\\/01\\\/Logo-Mortelle-Adele.jpeg\",\"width\":1176,\"height\":761,\"caption\":\"Mortelle Ad\u00e8le\"},\"image\":{\"@id\":\"https:\\\/\\\/mortelleadele.com\\\/#\\\/schema\\\/logo\\\/image\\\/\"},\"sameAs\":[\"https:\\\/\\\/www.facebook.com\\\/mortelleadele\",\"https:\\\/\\\/www.instagram.com\\\/mortelleadelebd\"]}]}<\/script>\n<!-- \/ Yoast SEO plugin. -->","yoast_head_json":{"title":"Catapul'tour 2023 - 2\u00e8me partie &#8211; Mortelle Ad\u00e8le","robots":{"index":"index","follow":"follow","max-snippet":"max-snippet:-1","max-image-preview":"max-image-preview:large","max-video-preview":"max-video-preview:-1"},"canonical":"https:\/\/mortelleadele.com\/index.php\/tournee-de-dedicaces-2023-2\/","og_locale":"fr_FR","og_type":"article","og_title":"Catapul'tour 2023 - 2\u00e8me partie &#8211; Mortelle Ad\u00e8le","og_description":"Retrouvez sur cette page toutes les informations concernant la tourn\u00e9e de d\u00e9dicaces de Mr&nbsp;Tan &amp; Diane&nbsp;Le&nbsp;Feyer en octobre, novembre et d\u00e9cembre 2023. ATTENTION &#8211; Les s\u00e9ances de d\u00e9dicaces sont organis\u00e9es par distribution de billets gratuits MAIS limit\u00e9s, g\u00e9r\u00e9e DIRECTEMENT par la maison d&rsquo;\u00e9dition Mr Tan &amp; Co. &gt;&gt; UN seul billet par commande et UNE &hellip; Continuer la lecture de &laquo;&nbsp;Catapul&rsquo;tour 2023 &#8211; 2\u00e8me partie&nbsp;&raquo;","og_url":"https:\/\/mortelleadele.com\/index.php\/tournee-de-dedicaces-2023-2\/","og_site_name":"Mortelle Ad\u00e8le","article_publisher":"https:\/\/www.facebook.com\/mortelleadele","article_modified_time":"2024-12-12T08:41:44+00:00","twitter_card":"summary_large_image","twitter_misc":{"Dur\u00e9e de lecture estim\u00e9e":"3 minutes"},"schema":{"@context":"https:\/\/schema.org","@graph":[{"@type":"WebPage","@id":"https:\/\/mortelleadele.com\/index.php\/tournee-de-dedicaces-2023-2\/","url":"https:\/\/mortelleadele.com\/index.php\/tournee-de-dedicaces-2023-2\/","name":"Catapul'tour 2023 - 2\u00e8me partie &#8211; Mortelle Ad\u00e8le","isPartOf":{"@id":"https:\/\/mortelleadele.com\/#website"},"datePublished":"2023-09-11T13:23:19+00:00","dateModified":"2024-12-12T08:41:44+00:00","breadcrumb":{"@id":"https:\/\/mortelleadele.com\/index.php\/tournee-de-dedicaces-2023-2\/#breadcrumb"},"inLanguage":"fr-FR","potentialAction":[{"@type":"ReadAction","target":["https:\/\/mortelleadele.com\/index.php\/tournee-de-dedicaces-2023-2\/"]}]},{"@type":"BreadcrumbList","@id":"https:\/\/mortelleadele.com\/index.php\/tournee-de-dedicaces-2023-2\/#breadcrumb","itemListElement":[{"@type":"ListItem","position":1,"name":"Accueil","item":"https:\/\/mortelleadele.com\/"},{"@type":"ListItem","position":2,"name":"Catapul&rsquo;tour 2023 &#8211; 2\u00e8me partie"}]},{"@type":"WebSite","@id":"https:\/\/mortelleadele.com\/#website","url":"https:\/\/mortelleadele.com\/","name":"Mortelle Ad\u00e8le","description":"H\u00e9ro\u00efne de Bande dessin\u00e9e","publisher":{"@id":"https:\/\/mortelleadele.com\/#organization"},"potentialAction":[{"@type":"SearchAction","target":{"@type":"EntryPoint","urlTemplate":"https:\/\/mortelleadele.com\/?s={search_term_string}"},"query-input":{"@type":"PropertyValueSpecification","valueRequired":true,"valueName":"search_term_string"}}],"inLanguage":"fr-FR"},{"@type":"Organization","@id":"https:\/\/mortelleadele.com\/#organization","name":"Mortelle Ad\u00e8le","url":"https:\/\/mortelleadele.com\/","logo":{"@type":"ImageObject","inLanguage":"fr-FR","@id":"https:\/\/mortelleadele.com\/#\/schema\/logo\/image\/","url":"https:\/\/mortelleadele.com\/wp-content\/uploads\/2023\/01\/Logo-Mortelle-Adele.jpeg","contentUrl":"https:\/\/mortelleadele.com\/wp-content\/uploads\/2023\/01\/Logo-Mortelle-Adele.jpeg","width":1176,"height":761,"caption":"Mortelle Ad\u00e8le"},"image":{"@id":"https:\/\/mortelleadele.com\/#\/schema\/logo\/image\/"},"sameAs":["https:\/\/www.facebook.com\/mortelleadele","https:\/\/www.instagram.com\/mortelleadelebd"]}]}},"_links":{"self":[{"href":"https:\/\/mortelleadele.com\/index.php\/wp-json\/wp\/v2\/pages\/3146","targetHints":{"allow":["GET"]}}],"collection":[{"href":"https:\/\/mortelleadele.com\/index.php\/wp-json\/wp\/v2\/pages"}],"about":[{"href":"https:\/\/mortelleadele.com\/index.php\/wp-json\/wp\/v2\/types\/page"}],"author":[{"embeddable":true,"href":"https:\/\/mortelleadele.com\/index.php\/wp-json\/wp\/v2\/users\/1"}],"replies":[{"embeddable":true,"href":"https:\/\/mortelleadele.com\/index.php\/wp-json\/wp\/v2\/comments?post=3146"}],"version-history":[{"count":100,"href":"https:\/\/mortelleadele.com\/index.php\/wp-json\/wp\/v2\/pages\/3146\/revisions"}],"predecessor-version":[{"id":4907,"href":"https:\/\/mortelleadele.com\/index.php\/wp-json\/wp\/v2\/pages\/3146\/revisions\/4907"}],"wp:attachment":[{"href":"https:\/\/mortelleadele.com\/index.php\/wp-json\/wp\/v2\/media?parent=3146"}],"curies":[{"name":"wp","href":"https:\/\/api.w.org\/{rel}","templated":true}]}}