{"id":6111,"date":"2025-05-08T15:14:03","date_gmt":"2025-05-08T13:14:03","guid":{"rendered":"https:\/\/mortelleadele.com\/?page_id=6111"},"modified":"2025-06-05T17:56:26","modified_gmt":"2025-06-05T15:56:26","slug":"calendrier-3","status":"publish","type":"page","link":"https:\/\/mortelleadele.com\/index.php\/calendrier-3\/","title":{"rendered":"Calendrier mural 2025-2026"},"content":{"rendered":"\n<div class=\"wp-block-columns are-vertically-aligned-center is-layout-flex wp-container-core-columns-is-layout-9d6595d7 wp-block-columns-is-layout-flex\">\n<div class=\"wp-block-column is-vertically-aligned-center is-layout-flow wp-block-column-is-layout-flow\">\n<figure class=\"wp-block-image size-large\"><img fetchpriority=\"high\" decoding=\"async\" width=\"1024\" height=\"1024\" src=\"https:\/\/mortelleadele.com\/wp-content\/uploads\/2025\/05\/Calendrier_MortelleAdele_2025-26_M67844-1-1024x1024.jpg\" alt=\"\" class=\"wp-image-6113\" srcset=\"https:\/\/mortelleadele.com\/wp-content\/uploads\/2025\/05\/Calendrier_MortelleAdele_2025-26_M67844-1-1024x1024.jpg 1024w, https:\/\/mortelleadele.com\/wp-content\/uploads\/2025\/05\/Calendrier_MortelleAdele_2025-26_M67844-1-300x300.jpg 300w, https:\/\/mortelleadele.com\/wp-content\/uploads\/2025\/05\/Calendrier_MortelleAdele_2025-26_M67844-1-150x150.jpg 150w, https:\/\/mortelleadele.com\/wp-content\/uploads\/2025\/05\/Calendrier_MortelleAdele_2025-26_M67844-1-768x768.jpg 768w, https:\/\/mortelleadele.com\/wp-content\/uploads\/2025\/05\/Calendrier_MortelleAdele_2025-26_M67844-1-100x100.jpg 100w, https:\/\/mortelleadele.com\/wp-content\/uploads\/2025\/05\/Calendrier_MortelleAdele_2025-26_M67844-1-rotated.jpg 1208w\" sizes=\"(max-width: 706px) 89vw, (max-width: 767px) 82vw, 740px\" \/><\/figure>\n<\/div>\n\n\n\n<div class=\"wp-block-column is-vertically-aligned-center is-layout-flow wp-block-column-is-layout-flow\">\n<h3 class=\"wp-block-heading has-text-align-left has-text-color\" style=\"color:#000000\">Description :<\/h3>\n\n\n\n<p>Retrouve Mortelle Ad\u00e8le \u00e0 travers des illustrations mortelles, et fixe ton\u00a0<strong>OBJECTIF\u00a0<\/strong>chaque mois pour rendre ton quotidien\u00a0<strong>SENSAG\u00c9NIAL\u00a0<\/strong>!<br><em><br>+ 126 STICKERS POUR PERSONNALISER TES SEMAINES<\/em><\/p>\n<\/div>\n<\/div>\n\n\n\n<p class=\"has-background\" style=\"background-color:#abb7c245\"><strong>Sc\u00e9nario : <\/strong>Mr Tan<br><strong>Dessin : <\/strong>Diane Le Feyer<\/p>\n\n\n\n<figure class=\"wp-block-table\"><table><tbody><tr><td>ANN\u00c9E<\/td><td><strong>2025-2026<\/strong><\/td><\/tr><tr><td>PARUTION<\/td><td><strong>5 JUIN 2025<\/strong><\/td><\/tr><tr><td>EAN<\/td><td><strong><strong>9782494678446<\/strong><\/strong><\/td><\/tr><tr><td>PAGINATION<\/td><td><strong>24 Pages + 1 planche de 126 stickers<\/strong><\/td><\/tr><tr><td>MOIS<\/td><td><strong>12 <em>(Septembre \u00e0 Ao\u00fbt)<\/em><\/strong><\/td><\/tr><tr><td>DIMENSION<\/td><td><strong>30 cm x 30 cm<\/strong><\/td><\/tr><tr><td>PRIX<\/td><td><strong>11,90 \u20ac<\/strong><\/td><\/tr><\/tbody><\/table><\/figure>\n\n\n\n<p class=\"has-background has-small-font-size\" style=\"background-color:#abb7c217\"><em>\u00a9 Mr Tan et Diane Le Feyer d\u2019apr\u00e8s l\u2019\u0153uvre cr\u00e9\u00e9e par Mr Tan et Miss Prickly<\/em><\/p>\n\n\n\n<div class=\"wp-block-columns is-layout-flex wp-container-core-columns-is-layout-9d6595d7 wp-block-columns-is-layout-flex\">\n<div class=\"wp-block-column is-layout-flow wp-block-column-is-layout-flow\">\n<div class=\"wp-block-group has-background is-content-justification-space-between is-nowrap is-layout-flex wp-container-core-group-is-layout-0dfbf163 wp-block-group-is-layout-flex\" style=\"background-color:#d7d4d4\">\n<figure class=\"wp-block-image size-full is-resized\"><a href=\"https:\/\/www.leslibraires.fr\/livre\/9782494678446\/?affiliate=mortelleadele\" target=\"_blank\" rel=\"noreferrer noopener\"><img decoding=\"async\" width=\"251\" height=\"30\" src=\"https:\/\/ma.mrtanandco.fr\/wp-content\/uploads\/2022\/11\/les-libraires.png\" alt=\"\" class=\"wp-image-320\" style=\"object-fit:cover;width:126px;height:15px\"\/><\/a><\/figure>\n\n\n\n<figure class=\"wp-block-image size-full is-resized\"><a href=\"https:\/\/tidd.ly\/4lZy8u8\" target=\"_blank\" rel=\"noreferrer noopener\"><img decoding=\"async\" width=\"1000\" height=\"1000\" src=\"https:\/\/ma.mrtanandco.fr\/wp-content\/uploads\/2022\/11\/Fnac-1.png\" alt=\"\" class=\"wp-image-332\" style=\"object-fit:cover;width:100px;height:100px\" srcset=\"https:\/\/mortelleadele.com\/wp-content\/uploads\/2022\/11\/Fnac-1.png 1000w, https:\/\/mortelleadele.com\/wp-content\/uploads\/2022\/11\/Fnac-1-300x300.png 300w, https:\/\/mortelleadele.com\/wp-content\/uploads\/2022\/11\/Fnac-1-150x150.png 150w, https:\/\/mortelleadele.com\/wp-content\/uploads\/2022\/11\/Fnac-1-768x768.png 768w, https:\/\/mortelleadele.com\/wp-content\/uploads\/2022\/11\/Fnac-1-100x100.png 100w\" sizes=\"(max-width: 706px) 89vw, (max-width: 767px) 82vw, 740px\" \/><\/a><\/figure>\n\n\n\n<figure class=\"wp-block-image size-full is-resized\"><a href=\"https:\/\/amzn.to\/44tiEZ6\" target=\"_blank\" rel=\"noreferrer noopener\"><img loading=\"lazy\" decoding=\"async\" width=\"512\" height=\"156\" src=\"https:\/\/ma.mrtanandco.fr\/wp-content\/uploads\/2022\/11\/amazon.png\" alt=\"\" class=\"wp-image-322\" style=\"object-fit:cover;width:128px;height:39px\" srcset=\"https:\/\/mortelleadele.com\/wp-content\/uploads\/2022\/11\/amazon.png 512w, https:\/\/mortelleadele.com\/wp-content\/uploads\/2022\/11\/amazon-300x91.png 300w\" sizes=\"(max-width: 512px) 100vw, 512px\" \/><\/a><\/figure>\n\n\n\n<figure class=\"wp-block-image size-full is-resized\"><a href=\"https:\/\/tidd.ly\/44qQRbP\" target=\"_blank\" rel=\"noreferrer noopener\"><img loading=\"lazy\" decoding=\"async\" width=\"342\" height=\"138\" src=\"https:\/\/mortelleadele.com\/wp-content\/uploads\/2022\/12\/Cultura-1.png\" alt=\"\" class=\"wp-image-1020\" style=\"width:100px\" srcset=\"https:\/\/mortelleadele.com\/wp-content\/uploads\/2022\/12\/Cultura-1.png 342w, https:\/\/mortelleadele.com\/wp-content\/uploads\/2022\/12\/Cultura-1-300x121.png 300w\" sizes=\"(max-width: 342px) 100vw, 342px\" \/><\/a><\/figure>\n<\/div>\n<\/div>\n<\/div>\n\n\n\n<p class=\"has-text-align-center\"><strong>Retrouvez aussi&#8230;<\/strong><\/p>\n\n\n\n<div class=\"wp-block-columns is-layout-flex wp-container-core-columns-is-layout-9d6595d7 wp-block-columns-is-layout-flex\">\n<div class=\"wp-block-column is-layout-flow wp-block-column-is-layout-flow\">\n<figure class=\"wp-block-image size-large\"><a href=\"https:\/\/mortelleadele.com\/index.php\/agenda-7\/\"><img loading=\"lazy\" decoding=\"async\" width=\"708\" height=\"1024\" src=\"https:\/\/mortelleadele.com\/wp-content\/uploads\/2025\/05\/AGENDA_2526_CV_MA_PRINT3-Grande-708x1024.jpeg\" alt=\"\" class=\"wp-image-6108\" style=\"aspect-ratio:1;object-fit:contain\" srcset=\"https:\/\/mortelleadele.com\/wp-content\/uploads\/2025\/05\/AGENDA_2526_CV_MA_PRINT3-Grande-708x1024.jpeg 708w, https:\/\/mortelleadele.com\/wp-content\/uploads\/2025\/05\/AGENDA_2526_CV_MA_PRINT3-Grande-207x300.jpeg 207w, https:\/\/mortelleadele.com\/wp-content\/uploads\/2025\/05\/AGENDA_2526_CV_MA_PRINT3-Grande-768x1111.jpeg 768w, https:\/\/mortelleadele.com\/wp-content\/uploads\/2025\/05\/AGENDA_2526_CV_MA_PRINT3-Grande.jpeg 885w\" sizes=\"(max-width: 708px) 100vw, 708px\" \/><\/a><\/figure>\n<\/div>\n\n\n\n<div class=\"wp-block-column is-layout-flow wp-block-column-is-layout-flow\">\n<figure class=\"wp-block-image size-large\"><a href=\"https:\/\/mortelleadele.com\/index.php\/tote-bag-2\/\"><img loading=\"lazy\" decoding=\"async\" width=\"516\" height=\"1024\" src=\"https:\/\/mortelleadele.com\/wp-content\/uploads\/2025\/05\/TOTE-BAG-Verso-516x1024.png\" alt=\"\" class=\"wp-image-6146\" style=\"aspect-ratio:1;object-fit:contain\" srcset=\"https:\/\/mortelleadele.com\/wp-content\/uploads\/2025\/05\/TOTE-BAG-Verso-516x1024.png 516w, https:\/\/mortelleadele.com\/wp-content\/uploads\/2025\/05\/TOTE-BAG-Verso-151x300.png 151w, https:\/\/mortelleadele.com\/wp-content\/uploads\/2025\/05\/TOTE-BAG-Verso.png 588w\" sizes=\"(max-width: 516px) 100vw, 516px\" \/><\/a><\/figure>\n<\/div>\n<\/div>\n\n\n\n<div class=\"wp-block-buttons is-horizontal is-content-justification-center is-layout-flex wp-container-core-buttons-is-layout-a4d366b9 wp-block-buttons-is-layout-flex\">\n<div class=\"wp-block-button is-style-fill\"><a class=\"wp-block-button__link wp-element-button\" href=\"https:\/\/mortelleadele.com\/index.php\/mes-objets\/\">Retour \u00e0 mon bazar<\/a><\/div>\n<\/div>\n\n\n\n<p><\/p>\n","protected":false},"excerpt":{"rendered":"<p>Description : Retrouve Mortelle Ad\u00e8le \u00e0 travers des illustrations mortelles, et fixe ton\u00a0OBJECTIF\u00a0chaque mois pour rendre ton quotidien\u00a0SENSAG\u00c9NIAL\u00a0!+ 126 STICKERS POUR PERSONNALISER TES SEMAINES Sc\u00e9nario : Mr TanDessin : Diane Le Feyer ANN\u00c9E 2025-2026 PARUTION 5 JUIN 2025 EAN 9782494678446 PAGINATION 24 Pages + 1 planche de 126 stickers MOIS 12 (Septembre \u00e0 Ao\u00fbt) DIMENSION &hellip; <\/p>\n<p class=\"link-more\"><a href=\"https:\/\/mortelleadele.com\/index.php\/calendrier-3\/\" class=\"more-link\">Continuer la lecture<span class=\"screen-reader-text\"> de &laquo;&nbsp;Calendrier mural 2025-2026&nbsp;&raquo;<\/span><\/a><\/p>\n","protected":false},"author":1,"featured_media":0,"parent":0,"menu_order":0,"comment_status":"closed","ping_status":"closed","template":"","meta":{"footnotes":""},"class_list":["post-6111","page","type-page","status-publish","hentry"],"yoast_head":"<!-- This site is optimized with the Yoast SEO plugin v27.4 - https:\/\/yoast.com\/product\/yoast-seo-wordpress\/ -->\n<title>Calendrier mural 2025-2026 &#8211; Mortelle Ad\u00e8le<\/title>\n<meta name=\"robots\" content=\"index, follow, max-snippet:-1, max-image-preview:large, max-video-preview:-1\" \/>\n<link rel=\"canonical\" href=\"https:\/\/mortelleadele.com\/index.php\/calendrier-3\/\" \/>\n<meta property=\"og:locale\" content=\"fr_FR\" \/>\n<meta property=\"og:type\" content=\"article\" \/>\n<meta property=\"og:title\" content=\"Calendrier mural 2025-2026 &#8211; Mortelle Ad\u00e8le\" \/>\n<meta property=\"og:description\" content=\"Description : Retrouve Mortelle Ad\u00e8le \u00e0 travers des illustrations mortelles, et fixe ton\u00a0OBJECTIF\u00a0chaque mois pour rendre ton quotidien\u00a0SENSAG\u00c9NIAL\u00a0!+ 126 STICKERS POUR PERSONNALISER TES SEMAINES Sc\u00e9nario : Mr TanDessin : Diane Le Feyer ANN\u00c9E 2025-2026 PARUTION 5 JUIN 2025 EAN 9782494678446 PAGINATION 24 Pages + 1 planche de 126 stickers MOIS 12 (Septembre \u00e0 Ao\u00fbt) DIMENSION &hellip; Continuer la lecture de &laquo;&nbsp;Calendrier mural 2025-2026&nbsp;&raquo;\" \/>\n<meta property=\"og:url\" content=\"https:\/\/mortelleadele.com\/index.php\/calendrier-3\/\" \/>\n<meta property=\"og:site_name\" content=\"Mortelle Ad\u00e8le\" \/>\n<meta property=\"article:publisher\" content=\"https:\/\/www.facebook.com\/mortelleadele\" \/>\n<meta property=\"article:modified_time\" content=\"2025-06-05T15:56:26+00:00\" \/>\n<meta property=\"og:image\" content=\"https:\/\/mortelleadele.com\/wp-content\/uploads\/2025\/05\/Calendrier_MortelleAdele_2025-26_M67844-1-rotated.jpg\" \/>\n\t<meta property=\"og:image:width\" content=\"1208\" \/>\n\t<meta property=\"og:image:height\" content=\"1208\" \/>\n\t<meta property=\"og:image:type\" content=\"image\/jpeg\" \/>\n<meta name=\"twitter:card\" content=\"summary_large_image\" \/>\n<meta name=\"twitter:label1\" content=\"Dur\u00e9e de lecture estim\u00e9e\" \/>\n\t<meta name=\"twitter:data1\" content=\"2 minutes\" \/>\n<script type=\"application\/ld+json\" class=\"yoast-schema-graph\">{\"@context\":\"https:\\\/\\\/schema.org\",\"@graph\":[{\"@type\":\"WebPage\",\"@id\":\"https:\\\/\\\/mortelleadele.com\\\/index.php\\\/calendrier-3\\\/\",\"url\":\"https:\\\/\\\/mortelleadele.com\\\/index.php\\\/calendrier-3\\\/\",\"name\":\"Calendrier mural 2025-2026 &#8211; Mortelle Ad\u00e8le\",\"isPartOf\":{\"@id\":\"https:\\\/\\\/mortelleadele.com\\\/#website\"},\"primaryImageOfPage\":{\"@id\":\"https:\\\/\\\/mortelleadele.com\\\/index.php\\\/calendrier-3\\\/#primaryimage\"},\"image\":{\"@id\":\"https:\\\/\\\/mortelleadele.com\\\/index.php\\\/calendrier-3\\\/#primaryimage\"},\"thumbnailUrl\":\"https:\\\/\\\/mortelleadele.com\\\/wp-content\\\/uploads\\\/2025\\\/05\\\/Calendrier_MortelleAdele_2025-26_M67844-1-1024x1024.jpg\",\"datePublished\":\"2025-05-08T13:14:03+00:00\",\"dateModified\":\"2025-06-05T15:56:26+00:00\",\"breadcrumb\":{\"@id\":\"https:\\\/\\\/mortelleadele.com\\\/index.php\\\/calendrier-3\\\/#breadcrumb\"},\"inLanguage\":\"fr-FR\",\"potentialAction\":[{\"@type\":\"ReadAction\",\"target\":[\"https:\\\/\\\/mortelleadele.com\\\/index.php\\\/calendrier-3\\\/\"]}]},{\"@type\":\"ImageObject\",\"inLanguage\":\"fr-FR\",\"@id\":\"https:\\\/\\\/mortelleadele.com\\\/index.php\\\/calendrier-3\\\/#primaryimage\",\"url\":\"https:\\\/\\\/mortelleadele.com\\\/wp-content\\\/uploads\\\/2025\\\/05\\\/Calendrier_MortelleAdele_2025-26_M67844-1-rotated.jpg\",\"contentUrl\":\"https:\\\/\\\/mortelleadele.com\\\/wp-content\\\/uploads\\\/2025\\\/05\\\/Calendrier_MortelleAdele_2025-26_M67844-1-rotated.jpg\",\"width\":1208,\"height\":1208},{\"@type\":\"BreadcrumbList\",\"@id\":\"https:\\\/\\\/mortelleadele.com\\\/index.php\\\/calendrier-3\\\/#breadcrumb\",\"itemListElement\":[{\"@type\":\"ListItem\",\"position\":1,\"name\":\"Accueil\",\"item\":\"https:\\\/\\\/mortelleadele.com\\\/\"},{\"@type\":\"ListItem\",\"position\":2,\"name\":\"Calendrier mural 2025-2026\"}]},{\"@type\":\"WebSite\",\"@id\":\"https:\\\/\\\/mortelleadele.com\\\/#website\",\"url\":\"https:\\\/\\\/mortelleadele.com\\\/\",\"name\":\"Mortelle Ad\u00e8le\",\"description\":\"H\u00e9ro\u00efne de Bande dessin\u00e9e\",\"publisher\":{\"@id\":\"https:\\\/\\\/mortelleadele.com\\\/#organization\"},\"potentialAction\":[{\"@type\":\"SearchAction\",\"target\":{\"@type\":\"EntryPoint\",\"urlTemplate\":\"https:\\\/\\\/mortelleadele.com\\\/?s={search_term_string}\"},\"query-input\":{\"@type\":\"PropertyValueSpecification\",\"valueRequired\":true,\"valueName\":\"search_term_string\"}}],\"inLanguage\":\"fr-FR\"},{\"@type\":\"Organization\",\"@id\":\"https:\\\/\\\/mortelleadele.com\\\/#organization\",\"name\":\"Mortelle Ad\u00e8le\",\"url\":\"https:\\\/\\\/mortelleadele.com\\\/\",\"logo\":{\"@type\":\"ImageObject\",\"inLanguage\":\"fr-FR\",\"@id\":\"https:\\\/\\\/mortelleadele.com\\\/#\\\/schema\\\/logo\\\/image\\\/\",\"url\":\"https:\\\/\\\/mortelleadele.com\\\/wp-content\\\/uploads\\\/2023\\\/01\\\/Logo-Mortelle-Adele.jpeg\",\"contentUrl\":\"https:\\\/\\\/mortelleadele.com\\\/wp-content\\\/uploads\\\/2023\\\/01\\\/Logo-Mortelle-Adele.jpeg\",\"width\":1176,\"height\":761,\"caption\":\"Mortelle Ad\u00e8le\"},\"image\":{\"@id\":\"https:\\\/\\\/mortelleadele.com\\\/#\\\/schema\\\/logo\\\/image\\\/\"},\"sameAs\":[\"https:\\\/\\\/www.facebook.com\\\/mortelleadele\",\"https:\\\/\\\/www.instagram.com\\\/mortelleadelebd\"]}]}<\/script>\n<!-- \/ Yoast SEO plugin. -->","yoast_head_json":{"title":"Calendrier mural 2025-2026 &#8211; Mortelle Ad\u00e8le","robots":{"index":"index","follow":"follow","max-snippet":"max-snippet:-1","max-image-preview":"max-image-preview:large","max-video-preview":"max-video-preview:-1"},"canonical":"https:\/\/mortelleadele.com\/index.php\/calendrier-3\/","og_locale":"fr_FR","og_type":"article","og_title":"Calendrier mural 2025-2026 &#8211; Mortelle Ad\u00e8le","og_description":"Description : Retrouve Mortelle Ad\u00e8le \u00e0 travers des illustrations mortelles, et fixe ton\u00a0OBJECTIF\u00a0chaque mois pour rendre ton quotidien\u00a0SENSAG\u00c9NIAL\u00a0!+ 126 STICKERS POUR PERSONNALISER TES SEMAINES Sc\u00e9nario : Mr TanDessin : Diane Le Feyer ANN\u00c9E 2025-2026 PARUTION 5 JUIN 2025 EAN 9782494678446 PAGINATION 24 Pages + 1 planche de 126 stickers MOIS 12 (Septembre \u00e0 Ao\u00fbt) DIMENSION &hellip; Continuer la lecture de &laquo;&nbsp;Calendrier mural 2025-2026&nbsp;&raquo;","og_url":"https:\/\/mortelleadele.com\/index.php\/calendrier-3\/","og_site_name":"Mortelle Ad\u00e8le","article_publisher":"https:\/\/www.facebook.com\/mortelleadele","article_modified_time":"2025-06-05T15:56:26+00:00","og_image":[{"width":1208,"height":1208,"url":"https:\/\/mortelleadele.com\/wp-content\/uploads\/2025\/05\/Calendrier_MortelleAdele_2025-26_M67844-1-rotated.jpg","type":"image\/jpeg"}],"twitter_card":"summary_large_image","twitter_misc":{"Dur\u00e9e de lecture estim\u00e9e":"2 minutes"},"schema":{"@context":"https:\/\/schema.org","@graph":[{"@type":"WebPage","@id":"https:\/\/mortelleadele.com\/index.php\/calendrier-3\/","url":"https:\/\/mortelleadele.com\/index.php\/calendrier-3\/","name":"Calendrier mural 2025-2026 &#8211; Mortelle Ad\u00e8le","isPartOf":{"@id":"https:\/\/mortelleadele.com\/#website"},"primaryImageOfPage":{"@id":"https:\/\/mortelleadele.com\/index.php\/calendrier-3\/#primaryimage"},"image":{"@id":"https:\/\/mortelleadele.com\/index.php\/calendrier-3\/#primaryimage"},"thumbnailUrl":"https:\/\/mortelleadele.com\/wp-content\/uploads\/2025\/05\/Calendrier_MortelleAdele_2025-26_M67844-1-1024x1024.jpg","datePublished":"2025-05-08T13:14:03+00:00","dateModified":"2025-06-05T15:56:26+00:00","breadcrumb":{"@id":"https:\/\/mortelleadele.com\/index.php\/calendrier-3\/#breadcrumb"},"inLanguage":"fr-FR","potentialAction":[{"@type":"ReadAction","target":["https:\/\/mortelleadele.com\/index.php\/calendrier-3\/"]}]},{"@type":"ImageObject","inLanguage":"fr-FR","@id":"https:\/\/mortelleadele.com\/index.php\/calendrier-3\/#primaryimage","url":"https:\/\/mortelleadele.com\/wp-content\/uploads\/2025\/05\/Calendrier_MortelleAdele_2025-26_M67844-1-rotated.jpg","contentUrl":"https:\/\/mortelleadele.com\/wp-content\/uploads\/2025\/05\/Calendrier_MortelleAdele_2025-26_M67844-1-rotated.jpg","width":1208,"height":1208},{"@type":"BreadcrumbList","@id":"https:\/\/mortelleadele.com\/index.php\/calendrier-3\/#breadcrumb","itemListElement":[{"@type":"ListItem","position":1,"name":"Accueil","item":"https:\/\/mortelleadele.com\/"},{"@type":"ListItem","position":2,"name":"Calendrier mural 2025-2026"}]},{"@type":"WebSite","@id":"https:\/\/mortelleadele.com\/#website","url":"https:\/\/mortelleadele.com\/","name":"Mortelle Ad\u00e8le","description":"H\u00e9ro\u00efne de Bande dessin\u00e9e","publisher":{"@id":"https:\/\/mortelleadele.com\/#organization"},"potentialAction":[{"@type":"SearchAction","target":{"@type":"EntryPoint","urlTemplate":"https:\/\/mortelleadele.com\/?s={search_term_string}"},"query-input":{"@type":"PropertyValueSpecification","valueRequired":true,"valueName":"search_term_string"}}],"inLanguage":"fr-FR"},{"@type":"Organization","@id":"https:\/\/mortelleadele.com\/#organization","name":"Mortelle Ad\u00e8le","url":"https:\/\/mortelleadele.com\/","logo":{"@type":"ImageObject","inLanguage":"fr-FR","@id":"https:\/\/mortelleadele.com\/#\/schema\/logo\/image\/","url":"https:\/\/mortelleadele.com\/wp-content\/uploads\/2023\/01\/Logo-Mortelle-Adele.jpeg","contentUrl":"https:\/\/mortelleadele.com\/wp-content\/uploads\/2023\/01\/Logo-Mortelle-Adele.jpeg","width":1176,"height":761,"caption":"Mortelle Ad\u00e8le"},"image":{"@id":"https:\/\/mortelleadele.com\/#\/schema\/logo\/image\/"},"sameAs":["https:\/\/www.facebook.com\/mortelleadele","https:\/\/www.instagram.com\/mortelleadelebd"]}]}},"_links":{"self":[{"href":"https:\/\/mortelleadele.com\/index.php\/wp-json\/wp\/v2\/pages\/6111","targetHints":{"allow":["GET"]}}],"collection":[{"href":"https:\/\/mortelleadele.com\/index.php\/wp-json\/wp\/v2\/pages"}],"about":[{"href":"https:\/\/mortelleadele.com\/index.php\/wp-json\/wp\/v2\/types\/page"}],"author":[{"embeddable":true,"href":"https:\/\/mortelleadele.com\/index.php\/wp-json\/wp\/v2\/users\/1"}],"replies":[{"embeddable":true,"href":"https:\/\/mortelleadele.com\/index.php\/wp-json\/wp\/v2\/comments?post=6111"}],"version-history":[{"count":8,"href":"https:\/\/mortelleadele.com\/index.php\/wp-json\/wp\/v2\/pages\/6111\/revisions"}],"predecessor-version":[{"id":6327,"href":"https:\/\/mortelleadele.com\/index.php\/wp-json\/wp\/v2\/pages\/6111\/revisions\/6327"}],"wp:attachment":[{"href":"https:\/\/mortelleadele.com\/index.php\/wp-json\/wp\/v2\/media?parent=6111"}],"curies":[{"name":"wp","href":"https:\/\/api.w.org\/{rel}","templated":true}]}}